{"id":325,"date":"2026-04-19T10:15:10","date_gmt":"2026-04-19T10:15:10","guid":{"rendered":"https:\/\/lpr.de\/de\/?page_id=325"},"modified":"2026-04-20T15:12:28","modified_gmt":"2026-04-20T15:12:28","slug":"corporate-responsibility","status":"publish","type":"page","link":"https:\/\/lpr.de\/de\/corporate-responsibility\/","title":{"rendered":"Unternehmensverantwortung"},"content":{"rendered":"<div class=\"wpb-content-wrapper\">[vc_row full_width=&#8221;stretch_row&#8221; remove_bottom_col_margin=&#8221;true&#8221; el_class=&#8221;noMarginBottom&#8221;][vc_column][vc_tta_tabs alignment=&#8221;center&#8221; active_section=&#8221;1&#8243;][vc_tta_section title=&#8221;Environmental, social &amp; governance&#8221; tab_id=&#8221;1714324499344-4dbe7a6f-3d27&#8243; el_class=&#8221;tabHolder&#8221;][vc_row_inner gap=&#8221;10&#8243; content_placement=&#8221;middle&#8221; el_class=&#8221;tabbedRow padTop&#8221;][vc_column_inner width=&#8221;1\/2&#8243;][vc_single_image image=&#8221;526&#8243; css=&#8221;&#8221;][\/vc_column_inner][vc_column_inner width=&#8221;1\/2&#8243;]<h2 class=\"vcex-heading vcex-heading-plain vcex-module wpex-heading wpex-text-2xl\"><span class=\"vcex-heading-inner wpex-inline-block\">Umweltauswirkungen<\/span><\/h2>[vc_column_text css=&#8221;&#8221;]Logistik erfordert einen bewussten Umgang mit Umweltauswirkungen. Als Teil der DANX Carousel Group unterst\u00fctzt LPR Ma\u00dfnahmen zur Reduktion von Emissionen und zur Weiterentwicklung nachhaltiger Logistikl\u00f6sungen. Die Gruppe verfolgt klare Ziele: eine Emissionsreduktion um 40 % bis 2035 und um 90 % bis 2050.<\/p>\n<p>Im Mittelpunkt stehen die Steigerung der operativen Effizienz, der verst\u00e4rkte Einsatz emissions\u00e4rmerer Kraftstoffe sowie die schrittweise Einf\u00fchrung nachhaltiger L\u00f6sungen entlang der Transport- und Logistikprozesse. Fortschritte werden regelm\u00e4\u00dfig gemessen und dokumentiert, um die Entwicklung transparent nachzuvollziehen und kontinuierlich zu verbessern.[\/vc_column_text][\/vc_column_inner][\/vc_row_inner][vc_row_inner gap=&#8221;10&#8243; content_placement=&#8221;middle&#8221; el_class=&#8221;swap-on-mobile tabbedRow&#8221;][vc_column_inner width=&#8221;1\/2&#8243;]<h2 class=\"vcex-heading vcex-heading-plain vcex-module wpex-heading wpex-text-2xl\"><span class=\"vcex-heading-inner wpex-inline-block\">Soziale Verantwortung<\/span><\/h2>[vc_column_text css=&#8221;&#8221;]Soziale Verantwortung zeigt sich im Umgang mit den Menschen im Unternehmen ebenso wie im Engagement in den Regionen, in denen LPR t\u00e4tig ist. Ein besonderer Fokus liegt auf Gesundheit, Sicherheit und Wohlbefinden \u2013 unterst\u00fctzt durch kontinuierliche Weiterentwicklung von Sicherheitsstandards, gezielte Trainings, regelm\u00e4\u00dfige Mitarbeiterbefragungen sowie Ma\u00dfnahmen zur Reduktion stressbedingter Ausf\u00e4lle.<\/p>\n<p>Ein inklusives Arbeitsumfeld ist dabei ein zentraler Bestandteil. Diversit\u00e4t und Chancengleichheit werden aktiv gef\u00f6rdert, erg\u00e4nzt durch Zugang zu Lern- und Entwicklungsm\u00f6glichkeiten, die langfristige F\u00e4higkeiten und Perspektiven im Unternehmen st\u00e4rken.<\/p>\n<p>\u00dcber das Tagesgesch\u00e4ft hinaus engagiert sich LPR \u00fcber die DANX Carousel Foundation in Bildungs- und Gemeinschaftsprojekten, die den gemeinsamen Werten Ownership, Learning und Caring entsprechen.<\/p>\n<p>to learning and development that supports skills development and long-term capability across the organisation. Beyond daily operations, we support social initiatives through the DANX Carousel Foundation, which contributes to education and community projects aligned with shared values such as ownership, learning, and caring.[\/vc_column_text][\/vc_column_inner][vc_column_inner width=&#8221;1\/2&#8243;][vc_single_image image=&#8221;527&#8243; css=&#8221;&#8221;][\/vc_column_inner][\/vc_row_inner][vc_row_inner gap=&#8221;10&#8243; content_placement=&#8221;middle&#8221; el_class=&#8221;tabbedRow&#8221;][vc_column_inner width=&#8221;1\/2&#8243;][vc_single_image image=&#8221;528&#8243; css=&#8221;&#8221;][\/vc_column_inner][vc_column_inner width=&#8221;1\/2&#8243;]<h2 class=\"vcex-heading vcex-heading-plain vcex-module wpex-heading wpex-text-2xl\"><span class=\"vcex-heading-inner wpex-inline-block\">Governance<\/span><\/h2>[vc_column_text css=&#8221;&#8221;]Verantwortungsvolle Unternehmensf\u00fchrung ist ein wesentlicher Bestandteil der Arbeitsweise bei LPR. Klare Strukturen und Prozesse stellen sicher, dass Entscheidungen nachvollziehbar, transparent und im Einklang mit rechtlichen sowie ethischen Anforderungen getroffen werden.<\/p>\n<p>Im Rahmen der DANX Carousel Group sind Governance-Anforderungen und Nachhaltigkeitsziele fest in die Unternehmensf\u00fchrung integriert. Dazu geh\u00f6ren regelm\u00e4\u00dfige Pr\u00fcfungen, Reviews und Audits, die die Einhaltung relevanter Standards sicherstellen.<br \/>\nDer Vorstand \u00fcberwacht fortlaufend die Einhaltung von Governance-Grunds\u00e4tzen und bewertet regelm\u00e4\u00dfig Performance sowie potenzielle Risiken. Identifizierte Risiken werden gezielt adressiert, um verantwortungsvolles Handeln und nachhaltige Entwicklung sicherzustellen.<\/p>\n<p>Weitere Informationen sind in den entsprechenden Richtlinien dokumentiert, die einen Einblick in die praktische Umsetzung von Governance- und ESG-Grunds\u00e4tzen geben.<br \/>\n[\/vc_column_text][\/vc_column_inner][\/vc_row_inner][\/vc_tta_section][vc_tta_section title=&#8221;UN&#8217;s sustainable development goals&#8221; tab_id=&#8221;1714324499349-b3c89463-fc2b&#8221;][vc_row_inner content_placement=&#8221;middle&#8221; el_class=&#8221;swap-on-mobile tabbedRow padTop&#8221;][vc_column_inner width=&#8221;1\/2&#8243;][vc_column_text css=&#8221;&#8221;]Im Jahr 2015 haben die Vereinten Nationen mit der Agenda 2030 insgesamt 17 Ziele f\u00fcr nachhaltige Entwicklung (Sustainable Development Goals, SDGs) definiert. Sie adressieren zentrale soziale, wirtschaftliche und \u00f6kologische Herausforderungen weltweit.<\/p>\n<p>Als Teil der DANX Carousel Group orientiert sich die LPR Group an den ESG-Aktivit\u00e4ten der Gruppe sowie an deren Verpflichtung zum UN Global Compact. Innerhalb dieses Rahmens wurden gezielt diejenigen SDGs ausgew\u00e4hlt, zu denen die Gruppe mit ihren Aktivit\u00e4ten und Kompetenzen einen konkreten Beitrag leisten kann.<\/p>\n<p>Im Folgenden ein \u00dcberblick \u00fcber die Schwerpunkte und deren Umsetzung bei LPR.<br \/>\n[\/vc_column_text][\/vc_column_inner][vc_column_inner width=&#8221;1\/2&#8243;][vc_single_image image=&#8221;529&#8243; css=&#8221;&#8221;][\/vc_column_inner][\/vc_row_inner][vc_row_inner el_class=&#8221;tabbedRow&#8221;][vc_column_inner]<div class=\"vcex-module vcex-icon-box vcex-icon-box-one wpex-flex wpex-text-left padbottom\"><div class=\"vcex-icon-box-symbol vcex-icon-box-symbol--image wpex-flex-shrink-0 wpex-mr-20\"><img width=\"150\" height=\"150\" src=\"https:\/\/lpr.de\/de\/wp-content\/uploads\/sites\/3\/2026\/04\/Icon-gender-equality.svg\" class=\"vcex-icon-box-image wpex-align-middle\" alt=\"gender icon\" loading=\"lazy\" decoding=\"async\" \/><\/div><div class=\"vcex-icon-box-text wpex-flex-grow\"><h3 class=\"vcex-icon-box-heading wpex-heading wpex-text-lg wpex-mb-10\">Ziel 5: Geschlechtergleichstellung<\/h3><div class=\"vcex-icon-box-content wpex-last-mb-0 wpex-clr\"><p>Die Logistikbranche gilt traditionell als m\u00e4nnlich gepr\u00e4gt. LPR unterst\u00fctzt daher gemeinsam mit der DANX Carousel Group gezielt Ma\u00dfnahmen zur F\u00f6rderung von Diversit\u00e4t und Geschlechtergleichstellung.<\/p>\n<p>Ziel ist es, die Geschlechterverteilung bis 2027 konzernweit um 4 % zu verbessern sowie auf Ebene des Senior- und Middle-Managements jeweils um 5 %.<\/p>\n<\/div><\/div><\/div><div class=\"vcex-module vcex-icon-box vcex-icon-box-one wpex-flex wpex-text-left padbottom\"><div class=\"vcex-icon-box-symbol vcex-icon-box-symbol--image wpex-flex-shrink-0 wpex-mr-20\"><img width=\"150\" height=\"150\" src=\"https:\/\/lpr.de\/de\/wp-content\/uploads\/sites\/3\/2026\/04\/icon-econmic-growth.svg\" class=\"vcex-icon-box-image wpex-align-middle\" alt=\"growth icon\" loading=\"lazy\" decoding=\"async\" \/><\/div><div class=\"vcex-icon-box-text wpex-flex-grow\"><h3 class=\"vcex-icon-box-heading wpex-heading wpex-text-lg wpex-mb-10\">Ziel 8: Menschenw\u00fcrdige Arbeit und Wirtschaftswachstum<\/h3><div class=\"vcex-icon-box-content wpex-last-mb-0 wpex-clr\"><p>LPR tr\u00e4gt zu Ziel 8 bei, indem sichere, faire und sinnstiftende Arbeitsbedingungen gef\u00f6rdert und gleichzeitig nachhaltiges wirtschaftliches Wachstum unterst\u00fctzt werden.<\/p>\n<p>Dazu geh\u00f6ren unter anderem Ma\u00dfnahmen zur F\u00f6rderung von Wohlbefinden, Zugang zu Lern- und Entwicklungsm\u00f6glichkeiten sowie die Sicherstellung sicherer und gesunder Arbeitsbedingungen auf lokaler Ebene.<\/p>\n<p>Fortschritte werden regelm\u00e4\u00dfig \u00fcber Mitarbeiterbefragungen erfasst und durch entsprechende Ma\u00dfnahmen weiterentwickelt. Erg\u00e4nzend engagiert sich die DANX Carousel Foundation im Bereich Bildung und gesellschaftliche Initiativen.<\/p>\n<\/div><\/div><\/div><div class=\"vcex-module vcex-icon-box vcex-icon-box-one wpex-flex wpex-text-left\"><div class=\"vcex-icon-box-symbol vcex-icon-box-symbol--image wpex-flex-shrink-0 wpex-mr-20\"><img width=\"150\" height=\"150\" src=\"https:\/\/lpr.de\/de\/wp-content\/uploads\/sites\/3\/2026\/04\/Icon-climate-action.svg\" class=\"vcex-icon-box-image wpex-align-middle\" alt=\"climate icon\" loading=\"lazy\" decoding=\"async\" \/><\/div><div class=\"vcex-icon-box-text wpex-flex-grow\"><h3 class=\"vcex-icon-box-heading wpex-heading wpex-text-lg wpex-mb-10\">Ziel 13: Ma\u00dfnahmen zum Klimaschutz<\/h3><div class=\"vcex-icon-box-content wpex-last-mb-0 wpex-clr\"><p>Die Reduktion von Umweltbelastungen ist ein fester Bestandteil der Planung und Umsetzung von Leistungen bei LPR. Im Kontext von Ziel 13 liegt der Fokus insbesondere auf der Senkung von Emissionen und der Steigerung von Effizienz in Transport- und Betriebsprozessen \u2013 erg\u00e4nzt durch den schrittweisen Einsatz nachhaltiger Alternativen.<\/p>\n<p>Zentrale Ma\u00dfnahmen im \u00dcberblick:<\/p>\n<ul>\n<li>J\u00e4hrliche Erfassung der CO\u2082-Emissionen<\/li>\n<li>Einsatz von Sustainable Aviation Fuel (SAF) auf ausgew\u00e4hlten Flugverbindungen<\/li>\n<li>Zunehmender Einsatz von HVO-Biodiesel im Stra\u00dfentransport<\/li>\n<li>Ausbau der Elektromobilit\u00e4t im Bereich City-Logistik<\/li>\n<li>Nutzung zertifizierter Umweltmanagementsysteme, u. a. nach ISO 14001<\/li>\n<\/ul>\n<\/div><\/div><\/div>[\/vc_column_inner][\/vc_row_inner][\/vc_tta_section][vc_tta_section title=&#8221;DANX Carousel Foundation&#8221; tab_id=&#8221;1714324557869-590f8830-ecb4&#8243;][vc_row_inner content_placement=&#8221;middle&#8221; el_class=&#8221;tabbedRow padTop&#8221;][vc_column_inner width=&#8221;1\/2&#8243;][vc_single_image image=&#8221;530&#8243; css=&#8221;&#8221;][\/vc_column_inner][vc_column_inner width=&#8221;1\/2&#8243;]<h2 class=\"vcex-heading vcex-heading-plain vcex-module wpex-heading wpex-text-2xl\"><span class=\"vcex-heading-inner wpex-inline-block\">DANX Carousel Foundation<\/span><\/h2>[vc_column_text css=&#8221;&#8221;]Die DANX Carousel Foundation wurde ins Leben gerufen, um Initiativen zu unterst\u00fctzen, die \u00fcber das t\u00e4gliche Gesch\u00e4ft der Gruppe hinausgehen. In Zusammenarbeit mit Partnern sowie durch gezielte F\u00f6rderungen und lokale Projekte engagiert sich die Foundation f\u00fcr Bildung, soziale Themen und gemeinn\u00fctzige Anliegen in den Regionen, in denen die DANX Carousel Group t\u00e4tig ist.<\/p>\n<p>Die Arbeit der Foundation orientiert sich an den Werten Ownership, Learning und Caring \u2013 mit dem Ziel, durch gezielte Unterst\u00fctzung einen sp\u00fcrbaren Beitrag zu leisten.<br \/>\n[\/vc_column_text][\/vc_column_inner][\/vc_row_inner][vc_row_inner content_placement=&#8221;middle&#8221; el_class=&#8221;swap-on-mobile tabbedRow&#8221;][vc_column_inner width=&#8221;1\/2&#8243;]<h2 class=\"vcex-heading vcex-heading-plain vcex-module wpex-heading wpex-text-2xl\"><span class=\"vcex-heading-inner wpex-inline-block\">Zielsetzung<\/span><\/h2>[vc_column_text css=&#8221;&#8221;]Die DANX Carousel Foundation f\u00f6rdert Initiativen, die Lernen, Wohlbefinden und gesellschaftliche Verantwortung st\u00e4rken. Neben finanzieller Unterst\u00fctzung bringt sie auch Wissen und Zusammenarbeit ein \u2013 sowohl zur Weiterentwicklung von Mitarbeitenden als auch f\u00fcr ausgew\u00e4hlte Projekte in den jeweiligen L\u00e4ndern, in denen die Gruppe aktiv ist.[\/vc_column_text][\/vc_column_inner][vc_column_inner width=&#8221;1\/2&#8243;][vc_single_image image=&#8221;531&#8243; css=&#8221;&#8221;][\/vc_column_inner][\/vc_row_inner][vc_row_inner remove_bottom_col_margin=&#8221;true&#8221;][vc_column_inner][vc_single_image image=&#8221;340&#8243; css=&#8221;&#8221; el_class=&#8221;flatBottom&#8221;][\/vc_column_inner][\/vc_row_inner][vc_row_inner column_spacing=&#8221;60&#8243; css=&#8221;.vc_custom_1776601093309{background-color: #e8e8e8 !important;}&#8221; el_class=&#8221;tabbedRow blockPad&#8221;][vc_column_inner width=&#8221;1\/2&#8243;]<h2 class=\"vcex-heading vcex-heading-plain vcex-module wpex-heading wpex-text-2xl\"><span class=\"vcex-heading-inner wpex-inline-block\">Engagement und F\u00f6rderung<\/span><\/h2>[vc_column_text css=&#8221;&#8221;]Die Foundation unterst\u00fctzt lokale Projekte und gemeinn\u00fctzige Initiativen, insbesondere dort, wo die Werte Learning und Caring im Mittelpunkt stehen und gesellschaftliche Themen wie Vielfalt und Inklusion adressiert werden.<\/p>\n<p>Dar\u00fcber hinaus wird j\u00e4hrlich eine gr\u00f6\u00dfere Partnerorganisation ausgew\u00e4hlt, die \u00fcber einen festgelegten Zeitraum intensiver begleitet und gef\u00f6rdert wird.<br \/>\n[\/vc_column_text][\/vc_column_inner][vc_column_inner width=&#8221;1\/2&#8243;]<span class=\"vcex-heading vcex-heading-plain vcex-module wpex-heading wpex-text-2xl foundationCallout\"><span class=\"vcex-heading-inner wpex-inline-block\">Mitarbeitende werden aktiv dazu ermutigt, sich selbst einzubringen. Daf\u00fcr kann pro Jahr ein Arbeitstag f\u00fcr ein gemeinn\u00fctziges Engagement eigener Wahl genutzt werden.s part of this, each employee may dedicate one workday per year to support a charitable initiative of their choice.<\/span><\/span>[\/vc_column_inner][\/vc_row_inner][vc_row_inner content_placement=&#8221;middle&#8221; el_class=&#8221;tabbedRow padTop&#8221;][vc_column_inner width=&#8221;1\/2&#8243;][vc_single_image image=&#8221;532&#8243; css=&#8221;&#8221;][\/vc_column_inner][vc_column_inner width=&#8221;1\/2&#8243;]<h2 class=\"vcex-heading vcex-heading-plain vcex-module wpex-heading wpex-text-2xl yellow\"><span class=\"vcex-heading-inner wpex-inline-block\">F\u00f6rderantr\u00e4ge<\/span><\/h2>[vc_column_text css=&#8221;&#8221;]Die DANX Carousel Foundation wird von einem eigens eingesetzten Board of Directors begleitet, das eingehende Antr\u00e4ge regelm\u00e4\u00dfig pr\u00fcft und bewertet.<\/p>\n<p>F\u00fcr eine F\u00f6rderung ist die Einreichung eines Antragsformulars erforderlich. Externe Antragsteller ben\u00f6tigen zudem eine pers\u00f6nliche Verbindung zur DANX Carousel Group.<\/p>\n<p>F\u00f6rderantr\u00e4ge k\u00f6nnen hier eingereicht werden:<br \/>\n[\/vc_column_text]<a href=\"https:\/\/danxcarousel.com\/wp-content\/uploads\/sites\/3\/2023\/07\/DANX-Carousel-foundation-application-form.pdf\" class=\"vcex-button theme-button inline\" target=\"_blank\" rel=\"noopener noreferrer\"><span class=\"vcex-button-inner theme-button-inner wpex-flex wpex-flex-wrap wpex-items-center wpex-justify-center\">Download application form<\/span><\/a> [\/vc_column_inner][\/vc_row_inner][\/vc_tta_section][\/vc_tta_tabs][\/vc_column][\/vc_row]\n<\/div>","protected":false},"excerpt":{"rendered":"<p>[vc_row full_width=&#8221;stretch_row&#8221; remove_bottom_col_margin=&#8221;true&#8221; el_class=&#8221;noMarginBottom&#8221;][vc_column][vc_tta_tabs alignment=&#8221;center&#8221; active_section=&#8221;1&#8243;][vc_tta_section title=&#8221;Environmental, social &amp; governance&#8221; tab_id=&#8221;1714324499344-4dbe7a6f-3d27&#8243; el_class=&#8221;tabHolder&#8221;][vc_row_inner gap=&#8221;10&#8243; content_placement=&#8221;middle&#8221; el_class=&#8221;tabbedRow padTop&#8221;][vc_column_inner width=&#8221;1\/2&#8243;][vc_single_image image=&#8221;526&#8243; css=&#8221;&#8221;][\/vc_column_inner][vc_column_inner width=&#8221;1\/2&#8243;][vc_column_text css=&#8221;&#8221;]Logistik erfordert einen bewussten Umgang mit Umweltauswirkungen. Als Teil der DANX Carousel Group unterst\u00fctzt LPR Ma\u00dfnahmen zur Reduktion von Emissionen und zur Weiterentwicklung nachhaltiger Logistikl\u00f6sungen. Die Gruppe verfolgt klare Ziele: eine Emissionsreduktion um 40 %&hellip;<\/p>\n","protected":false},"author":1,"featured_media":0,"parent":0,"menu_order":0,"comment_status":"closed","ping_status":"closed","template":"","meta":{"inline_featured_image":false,"footnotes":""},"class_list":["post-325","page","type-page","status-publish","hentry","entry","no-media"],"_links":{"self":[{"href":"https:\/\/lpr.de\/de\/wp-json\/wp\/v2\/pages\/325","targetHints":{"allow":["GET"]}}],"collection":[{"href":"https:\/\/lpr.de\/de\/wp-json\/wp\/v2\/pages"}],"about":[{"href":"https:\/\/lpr.de\/de\/wp-json\/wp\/v2\/types\/page"}],"author":[{"embeddable":true,"href":"https:\/\/lpr.de\/de\/wp-json\/wp\/v2\/users\/1"}],"replies":[{"embeddable":true,"href":"https:\/\/lpr.de\/de\/wp-json\/wp\/v2\/comments?post=325"}],"version-history":[{"count":22,"href":"https:\/\/lpr.de\/de\/wp-json\/wp\/v2\/pages\/325\/revisions"}],"predecessor-version":[{"id":675,"href":"https:\/\/lpr.de\/de\/wp-json\/wp\/v2\/pages\/325\/revisions\/675"}],"wp:attachment":[{"href":"https:\/\/lpr.de\/de\/wp-json\/wp\/v2\/media?parent=325"}],"curies":[{"name":"wp","href":"https:\/\/api.w.org\/{rel}","templated":true}]}}