{"id":266,"date":"2026-04-18T15:08:14","date_gmt":"2026-04-18T15:08:14","guid":{"rendered":"https:\/\/lpr.de\/de\/?page_id=266"},"modified":"2026-04-24T09:30:43","modified_gmt":"2026-04-24T09:30:43","slug":"who-we-are","status":"publish","type":"page","link":"https:\/\/lpr.de\/de\/who-we-are\/","title":{"rendered":"Wer wir sind"},"content":{"rendered":"<div class=\"wpb-content-wrapper\">[vc_row content_placement=&#8221;middle&#8221; column_spacing=&#8221;50&#8243; el_class=&#8221;swap-on-mobile&#8221;][vc_column width=&#8221;1\/2&#8243;]<h2 class=\"vcex-heading vcex-heading-plain vcex-module wpex-heading wpex-text-2xl\"><span class=\"vcex-heading-inner wpex-inline-block\">Zeitkritische Logistik und technische Services in Europa<\/span><\/h2>[vc_column_text css=&#8221;&#8221; el_class=&#8221;removepad&#8221;]Die LPR Group ist auf zeitkritische Logistik und technische Services spezialisiert. Wir unterst\u00fctzen Hersteller, Betreiber und Serviceorganisationen dabei, komplexe Logistik-, After-Sales- und Serviceprozesse strukturiert und zuverl\u00e4ssig zu steuern \u2013 von der Ersatzteillogistik bis zur technischen Umsetzung vor Ort.<\/p>\n<p>Dabei geht es nicht nur um Geschwindigkeit, sondern um funktionierende Abl\u00e4ufe im t\u00e4glichen Betrieb. Unsere L\u00f6sungen schaffen Transparenz, erm\u00f6glichen eine gezielte Steuerung und sorgen daf\u00fcr, dass Prozesse auch unter Zeitdruck stabil bleiben.<\/p>\n<p>Logistik und Service betrachten wir bewusst flexibel: Sie k\u00f6nnen getrennt eingesetzt werden oder als integrierte L\u00f6sung ineinandergreifen \u2013 modular aufgebaut oder durchg\u00e4ngig als End-to-End-Struktur.<br \/>\n[\/vc_column_text][\/vc_column][vc_column width=&#8221;1\/2&#8243;]<figure class=\"vcex-image vcex-module\"><div class=\"vcex-image-inner wpex-relative wpex-inline-block\"><img width=\"800\" height=\"756\" src=\"https:\/\/lpr.de\/de\/wp-content\/uploads\/sites\/3\/2026\/04\/who1.webp\" class=\"vcex-image-img wpex-align-middle wpex-aspect-1-1 wpex-object-cover\" alt=\"warehouse staff\" loading=\"lazy\" decoding=\"async\" srcset=\"https:\/\/lpr.de\/de\/wp-content\/uploads\/sites\/3\/2026\/04\/who1.webp 800w, https:\/\/lpr.de\/de\/wp-content\/uploads\/sites\/3\/2026\/04\/who1-300x284.webp 300w, https:\/\/lpr.de\/de\/wp-content\/uploads\/sites\/3\/2026\/04\/who1-768x726.webp 768w\" sizes=\"auto, (max-width: 800px) 100vw, 800px\" \/><\/div><\/figure>[\/vc_column][\/vc_row][vc_row content_placement=&#8221;middle&#8221; column_spacing=&#8221;50&#8243; el_class=&#8221;padBottomSmall&#8221;][vc_column width=&#8221;1\/2&#8243;]<figure class=\"vcex-image vcex-module\"><div class=\"vcex-image-inner wpex-relative wpex-inline-block\"><img width=\"800\" height=\"756\" src=\"https:\/\/lpr.de\/de\/wp-content\/uploads\/sites\/3\/2026\/04\/who2.webp\" class=\"vcex-image-img wpex-align-middle wpex-aspect-1-1 wpex-object-cover\" alt=\"warhouse team\" loading=\"lazy\" decoding=\"async\" srcset=\"https:\/\/lpr.de\/de\/wp-content\/uploads\/sites\/3\/2026\/04\/who2.webp 800w, https:\/\/lpr.de\/de\/wp-content\/uploads\/sites\/3\/2026\/04\/who2-300x284.webp 300w, https:\/\/lpr.de\/de\/wp-content\/uploads\/sites\/3\/2026\/04\/who2-768x726.webp 768w\" sizes=\"auto, (max-width: 800px) 100vw, 800px\" \/><\/div><\/figure>[\/vc_column][vc_column width=&#8221;1\/2&#8243;]<h2 class=\"vcex-heading vcex-heading-plain vcex-module wpex-heading wpex-text-2xl\"><span class=\"vcex-heading-inner wpex-inline-block\">Komplexe Abl\u00e4ufe klar strukturier<\/span><\/h2>[vc_column_text css=&#8221;&#8221; el_class=&#8221;removepad&#8221;]Als Teil der DANX Carousel Group sind wir in ein europaweites Netzwerk eingebunden, das auf zeitkritische Supply Chains und anspruchsvolle Serviceprozesse ausgelegt ist. Dies erm\u00f6glicht es uns, auch komplexe Anforderungen skalierbar umzusetzen und gleichzeitig eine hohe Prozesssicherheit zu gew\u00e4hrleisten.<\/p>\n<p>Unsere Arbeit beginnt dort, wo Standardl\u00f6sungen nicht mehr ausreichen. Wenn Zeitfenster eng werden, mehrere Prozesse ineinandergreifen m\u00fcssen und Verf\u00fcgbarkeit gesch\u00e4ftskritisch ist, schaffen wir klare Strukturen, die im Alltag funktionieren.<\/p>\n<p>Daf\u00fcr verbinden wir operative Erfahrung mit digitalen Systemen, die Transparenz schaffen und eine verl\u00e4ssliche Steuerung erm\u00f6glichen. So entstehen Prozesse, die nicht nur geplant, sondern auch nachhaltig umgesetzt werden k\u00f6nnen.<br \/>\n[\/vc_column_text][\/vc_column][\/vc_row][vc_row remove_bottom_col_margin=&#8221;true&#8221;][vc_column]<div class=\"vcex-module vcex-divider vcex-divider-solid vcex-divider-center wpex-mx-auto wpex-block wpex-h-0 wpex-border-b wpex-border-solid wpex-border-main\" style=\"border-bottom-width:2px;border-color:#0f329b;\"><\/div>[\/vc_column][\/vc_row][vc_row el_class=&#8221;padTop&#8221; el_id=&#8221;people&#8221;][vc_column]<h2 class=\"vcex-heading vcex-heading-plain vcex-module wpex-heading wpex-text-2xl yellow\"><span class=\"vcex-heading-inner wpex-inline-block\">Unser Team<\/span><\/h2>[vc_column_text css=&#8221;&#8221;]Hinter unseren Leistungen stehen Menschen, die operative Realit\u00e4t verstehen und Verantwortung \u00fcbernehmen. Unser Team bringt Erfahrung aus Logistik, Technik und Service zusammen und verbindet diese mit einem klaren Anspruch an Qualit\u00e4t, Verl\u00e4sslichkeit und Zusammenarbeit.<\/p>\n<p>Diese Kombination aus Fachwissen, Praxiserfahrung und partnerschaftlichem Arbeiten ist die Grundlage daf\u00fcr, dass wir auch komplexe Anforderungen sicher und effizient umsetzen k\u00f6nnen.<br \/>\n[\/vc_column_text][\/vc_column][\/vc_row][vc_row][vc_column]<h3 class=\"vcex-heading vcex-heading-plain vcex-module wpex-heading wpex-text-2xl yellow\"><span class=\"vcex-heading-inner wpex-inline-block\">Client delivery team \u2013 Executive team<\/span><\/h3><div class=\"vcex-module vcex-staff-grid-wrap wpex-clr\"><div class=\"wpex-row vcex-staff-grid entries wpex-clr\"><div class=\"staff-entry vcex-grid-item span_1_of_4 col col-1 has-readmore entry post-269 type-staff has-media cat-5\"><div class=\"staff-entry-inner entry-inner wpex-first-mt-0 wpex-last-mb-0 wpex-clr\"><div class=\"staff-entry-media entry-media wpex-relative wpex-image-hover opacity wpex-mb-20\"><a href=\"https:\/\/lpr.de\/de\/staff-member\/michael-bonnes\/\" title=\"Michael Bonnes\" class=\"staff-entry-media-link\"><img width=\"768\" height=\"737\" src=\"https:\/\/lpr.de\/de\/wp-content\/uploads\/sites\/3\/2026\/04\/michael-bonnes.webp\" class=\"staff-entry-media-img staff-entry-img wpex-align-middle wpex-align-middle\" alt=\"Michael Bonnes\" loading=\"lazy\" decoding=\"async\" srcset=\"https:\/\/lpr.de\/de\/wp-content\/uploads\/sites\/3\/2026\/04\/michael-bonnes.webp 768w, https:\/\/lpr.de\/de\/wp-content\/uploads\/sites\/3\/2026\/04\/michael-bonnes-300x288.webp 300w\" sizes=\"auto, (max-width: 768px) 100vw, 768px\" \/><\/a><\/div><div class=\"staff-entry-details entry-details wpex-first-mt-0 wpex-last-mb-0 wpex-clr\"><h4 class=\"staff-entry-title entry-title wpex-mb-5\"><a href=\"https:\/\/lpr.de\/de\/staff-member\/michael-bonnes\/\">Michael Bonnes<\/a><\/h4><div class=\"staff-entry-position entry-position wpex-text-sm wpex-text-3 wpex-leading-snug wpex-mb-5\">LPR Group Chief Executive Officer (CEO)<\/div><div class=\"staff-entry-readmore-wrap entry-readmore-wrap wpex-my-15 wpex-clr\"><a href=\"https:\/\/lpr.de\/de\/staff-member\/michael-bonnes\/\" class=\"theme-button\" aria-label=\"Read bio about Michael Bonnes\">Read bio<\/a><\/div><\/div><\/div><\/div><\/div><\/div><h3 class=\"vcex-heading vcex-heading-plain vcex-module wpex-heading wpex-text-2xl yellow\"><span class=\"vcex-heading-inner wpex-inline-block\">Client delivery team \u2013 Managing Directors<\/span><\/h3><div class=\"vcex-module vcex-staff-grid-wrap wpex-clr\"><div class=\"wpex-row vcex-staff-grid entries wpex-clr\"><div class=\"staff-entry vcex-grid-item span_1_of_4 col col-1 has-readmore entry post-271 type-staff has-media cat-4\"><div class=\"staff-entry-inner entry-inner wpex-first-mt-0 wpex-last-mb-0 wpex-clr\"><div class=\"staff-entry-media entry-media wpex-relative wpex-image-hover opacity wpex-mb-20\"><a href=\"https:\/\/lpr.de\/de\/staff-member\/matthias-hohmann\/\" title=\"Matthias Hohmann\" class=\"staff-entry-media-link\"><img width=\"768\" height=\"737\" src=\"https:\/\/lpr.de\/de\/wp-content\/uploads\/sites\/3\/2026\/04\/matthais-hohmann.webp\" class=\"staff-entry-media-img staff-entry-img wpex-align-middle wpex-align-middle\" alt=\"Matthias Hohmann\" loading=\"lazy\" decoding=\"async\" srcset=\"https:\/\/lpr.de\/de\/wp-content\/uploads\/sites\/3\/2026\/04\/matthais-hohmann.webp 768w, https:\/\/lpr.de\/de\/wp-content\/uploads\/sites\/3\/2026\/04\/matthais-hohmann-300x288.webp 300w\" sizes=\"auto, (max-width: 768px) 100vw, 768px\" \/><\/a><\/div><div class=\"staff-entry-details entry-details wpex-first-mt-0 wpex-last-mb-0 wpex-clr\"><h4 class=\"staff-entry-title entry-title wpex-mb-5\"><a href=\"https:\/\/lpr.de\/de\/staff-member\/matthias-hohmann\/\">Matthias Hohmann<\/a><\/h4><div class=\"staff-entry-position entry-position wpex-text-sm wpex-text-3 wpex-leading-snug wpex-mb-5\">CEO LPR Supply GmbH<\/div><div class=\"staff-entry-readmore-wrap entry-readmore-wrap wpex-my-15 wpex-clr\"><a href=\"https:\/\/lpr.de\/de\/staff-member\/matthias-hohmann\/\" class=\"theme-button\" aria-label=\"Read bio about Matthias Hohmann\">Read bio<\/a><\/div><\/div><\/div><\/div><div class=\"staff-entry vcex-grid-item span_1_of_4 col col-2 has-readmore entry post-273 type-staff has-media cat-4\"><div class=\"staff-entry-inner entry-inner wpex-first-mt-0 wpex-last-mb-0 wpex-clr\"><div class=\"staff-entry-media entry-media wpex-relative wpex-image-hover opacity wpex-mb-20\"><a href=\"https:\/\/lpr.de\/de\/staff-member\/frank-sommerfeld\/\" title=\"Frank Sommerfeld\" class=\"staff-entry-media-link\"><img width=\"768\" height=\"737\" src=\"https:\/\/lpr.de\/de\/wp-content\/uploads\/sites\/3\/2026\/04\/frank-sommerfield.webp\" class=\"staff-entry-media-img staff-entry-img wpex-align-middle wpex-align-middle\" alt=\"Frank Sommerfield\" loading=\"lazy\" decoding=\"async\" srcset=\"https:\/\/lpr.de\/de\/wp-content\/uploads\/sites\/3\/2026\/04\/frank-sommerfield.webp 768w, https:\/\/lpr.de\/de\/wp-content\/uploads\/sites\/3\/2026\/04\/frank-sommerfield-300x288.webp 300w\" sizes=\"auto, (max-width: 768px) 100vw, 768px\" \/><\/a><\/div><div class=\"staff-entry-details entry-details wpex-first-mt-0 wpex-last-mb-0 wpex-clr\"><h4 class=\"staff-entry-title entry-title wpex-mb-5\"><a href=\"https:\/\/lpr.de\/de\/staff-member\/frank-sommerfeld\/\">Frank Sommerfeld<\/a><\/h4><div class=\"staff-entry-position entry-position wpex-text-sm wpex-text-3 wpex-leading-snug wpex-mb-5\">CEO LPR Experts GmbH<\/div><div class=\"staff-entry-readmore-wrap entry-readmore-wrap wpex-my-15 wpex-clr\"><a href=\"https:\/\/lpr.de\/de\/staff-member\/frank-sommerfeld\/\" class=\"theme-button\" aria-label=\"Read bio about Frank Sommerfeld\">Read bio<\/a><\/div><\/div><\/div><\/div><div class=\"staff-entry vcex-grid-item span_1_of_4 col col-3 has-readmore entry post-275 type-staff has-media cat-4\"><div class=\"staff-entry-inner entry-inner wpex-first-mt-0 wpex-last-mb-0 wpex-clr\"><div class=\"staff-entry-media entry-media wpex-relative wpex-image-hover opacity wpex-mb-20\"><a href=\"https:\/\/lpr.de\/de\/staff-member\/stephan-busse\/\" title=\"Stephan Busse\" class=\"staff-entry-media-link\"><img width=\"768\" height=\"737\" src=\"https:\/\/lpr.de\/de\/wp-content\/uploads\/sites\/3\/2026\/04\/stephan-busse.webp\" class=\"staff-entry-media-img staff-entry-img wpex-align-middle wpex-align-middle\" alt=\"Stephan Busse\" loading=\"lazy\" decoding=\"async\" srcset=\"https:\/\/lpr.de\/de\/wp-content\/uploads\/sites\/3\/2026\/04\/stephan-busse.webp 768w, https:\/\/lpr.de\/de\/wp-content\/uploads\/sites\/3\/2026\/04\/stephan-busse-300x288.webp 300w\" sizes=\"auto, (max-width: 768px) 100vw, 768px\" \/><\/a><\/div><div class=\"staff-entry-details entry-details wpex-first-mt-0 wpex-last-mb-0 wpex-clr\"><h4 class=\"staff-entry-title entry-title wpex-mb-5\"><a href=\"https:\/\/lpr.de\/de\/staff-member\/stephan-busse\/\">Stephan Busse<\/a><\/h4><div class=\"staff-entry-position entry-position wpex-text-sm wpex-text-3 wpex-leading-snug wpex-mb-5\">CEO LPR Energy GmbH<\/div><div class=\"staff-entry-readmore-wrap entry-readmore-wrap wpex-my-15 wpex-clr\"><a href=\"https:\/\/lpr.de\/de\/staff-member\/stephan-busse\/\" class=\"theme-button\" aria-label=\"Read bio about Stephan Busse\">Read bio<\/a><\/div><\/div><\/div><\/div><\/div><\/div><h3 class=\"vcex-heading vcex-heading-plain vcex-module wpex-heading wpex-text-2xl yellow\"><span class=\"vcex-heading-inner wpex-inline-block\">Client delivery team \u2013 Sales<\/span><\/h3><div class=\"vcex-module vcex-staff-grid-wrap wpex-clr\"><div class=\"wpex-row vcex-staff-grid entries wpex-clr\"><div class=\"staff-entry vcex-grid-item span_1_of_4 col col-1 has-readmore entry post-277 type-staff has-media cat-6\"><div class=\"staff-entry-inner entry-inner wpex-first-mt-0 wpex-last-mb-0 wpex-clr\"><div class=\"staff-entry-media entry-media wpex-relative wpex-image-hover opacity wpex-mb-20\"><a href=\"https:\/\/lpr.de\/de\/staff-member\/susan-onorato\/\" title=\"Susan Onorato\" class=\"staff-entry-media-link\"><img width=\"768\" height=\"737\" src=\"https:\/\/lpr.de\/de\/wp-content\/uploads\/sites\/3\/2026\/04\/susan-onorato.webp\" class=\"staff-entry-media-img staff-entry-img wpex-align-middle wpex-align-middle\" alt=\"Susan Onorato\" loading=\"lazy\" decoding=\"async\" srcset=\"https:\/\/lpr.de\/de\/wp-content\/uploads\/sites\/3\/2026\/04\/susan-onorato.webp 768w, https:\/\/lpr.de\/de\/wp-content\/uploads\/sites\/3\/2026\/04\/susan-onorato-300x288.webp 300w\" sizes=\"auto, (max-width: 768px) 100vw, 768px\" \/><\/a><\/div><div class=\"staff-entry-details entry-details wpex-first-mt-0 wpex-last-mb-0 wpex-clr\"><h4 class=\"staff-entry-title entry-title wpex-mb-5\"><a href=\"https:\/\/lpr.de\/de\/staff-member\/susan-onorato\/\">Susan Onorato<\/a><\/h4><div class=\"staff-entry-position entry-position wpex-text-sm wpex-text-3 wpex-leading-snug wpex-mb-5\">Head of Sales LPR Supply GmbH<\/div><div class=\"staff-entry-readmore-wrap entry-readmore-wrap wpex-my-15 wpex-clr\"><a href=\"https:\/\/lpr.de\/de\/staff-member\/susan-onorato\/\" class=\"theme-button\" aria-label=\"Read bio about Susan Onorato\">Read bio<\/a><\/div><\/div><\/div><\/div><div class=\"staff-entry vcex-grid-item span_1_of_4 col col-2 has-readmore entry post-279 type-staff has-media cat-6\"><div class=\"staff-entry-inner entry-inner wpex-first-mt-0 wpex-last-mb-0 wpex-clr\"><div class=\"staff-entry-media entry-media wpex-relative wpex-image-hover opacity wpex-mb-20\"><a href=\"https:\/\/lpr.de\/de\/staff-member\/andreas-stockburger\/\" title=\"Andreas Stockburger\" class=\"staff-entry-media-link\"><img width=\"768\" height=\"737\" src=\"https:\/\/lpr.de\/de\/wp-content\/uploads\/sites\/3\/2026\/04\/andreas-stockburger.webp\" class=\"staff-entry-media-img staff-entry-img wpex-align-middle wpex-align-middle\" alt=\"Andreas Stockburger\" loading=\"lazy\" decoding=\"async\" srcset=\"https:\/\/lpr.de\/de\/wp-content\/uploads\/sites\/3\/2026\/04\/andreas-stockburger.webp 768w, https:\/\/lpr.de\/de\/wp-content\/uploads\/sites\/3\/2026\/04\/andreas-stockburger-300x288.webp 300w\" sizes=\"auto, (max-width: 768px) 100vw, 768px\" \/><\/a><\/div><div class=\"staff-entry-details entry-details wpex-first-mt-0 wpex-last-mb-0 wpex-clr\"><h4 class=\"staff-entry-title entry-title wpex-mb-5\"><a href=\"https:\/\/lpr.de\/de\/staff-member\/andreas-stockburger\/\">Andreas Stockburger<\/a><\/h4><div class=\"staff-entry-position entry-position wpex-text-sm wpex-text-3 wpex-leading-snug wpex-mb-5\">Sales Director LPR Experts GmbH<\/div><div class=\"staff-entry-readmore-wrap entry-readmore-wrap wpex-my-15 wpex-clr\"><a href=\"https:\/\/lpr.de\/de\/staff-member\/andreas-stockburger\/\" class=\"theme-button\" aria-label=\"Read bio about Andreas Stockburger\">Read bio<\/a><\/div><\/div><\/div><\/div><div class=\"staff-entry vcex-grid-item span_1_of_4 col col-3 has-readmore entry post-281 type-staff has-media cat-6\"><div class=\"staff-entry-inner entry-inner wpex-first-mt-0 wpex-last-mb-0 wpex-clr\"><div class=\"staff-entry-media entry-media wpex-relative wpex-image-hover opacity wpex-mb-20\"><a href=\"https:\/\/lpr.de\/de\/staff-member\/holger-brehm\/\" title=\"Holger Brehm\" class=\"staff-entry-media-link\"><img width=\"768\" height=\"737\" src=\"https:\/\/lpr.de\/de\/wp-content\/uploads\/sites\/3\/2026\/04\/holger-brehm.webp\" class=\"staff-entry-media-img staff-entry-img wpex-align-middle wpex-align-middle\" alt=\"Holger Brehm\" loading=\"lazy\" decoding=\"async\" srcset=\"https:\/\/lpr.de\/de\/wp-content\/uploads\/sites\/3\/2026\/04\/holger-brehm.webp 768w, https:\/\/lpr.de\/de\/wp-content\/uploads\/sites\/3\/2026\/04\/holger-brehm-300x288.webp 300w\" sizes=\"auto, (max-width: 768px) 100vw, 768px\" \/><\/a><\/div><div class=\"staff-entry-details entry-details wpex-first-mt-0 wpex-last-mb-0 wpex-clr\"><h4 class=\"staff-entry-title entry-title wpex-mb-5\"><a href=\"https:\/\/lpr.de\/de\/staff-member\/holger-brehm\/\">Holger Brehm<\/a><\/h4><div class=\"staff-entry-position entry-position wpex-text-sm wpex-text-3 wpex-leading-snug wpex-mb-5\">COO LPR Energy GmbH<\/div><div class=\"staff-entry-readmore-wrap entry-readmore-wrap wpex-my-15 wpex-clr\"><a href=\"https:\/\/lpr.de\/de\/staff-member\/holger-brehm\/\" class=\"theme-button\" aria-label=\"Read bio about Holger Brehm\">Read bio<\/a><\/div><\/div><\/div><\/div><\/div><\/div>[\/vc_column][\/vc_row][vc_row visibility=&#8221;hidden&#8221;][vc_column]<div class=\"vcex-module vcex-divider vcex-divider-solid vcex-divider-center wpex-mx-auto wpex-block wpex-h-0 wpex-border-b wpex-border-solid wpex-border-main\" style=\"border-bottom-width:2px;border-color:#f5b408;\"><\/div>[\/vc_column][\/vc_row][vc_row remove_bottom_col_margin=&#8221;true&#8221; visibility=&#8221;hidden&#8221;][vc_column][\/vc_column][\/vc_row]\n<\/div>","protected":false},"excerpt":{"rendered":"<p>[vc_row content_placement=&#8221;middle&#8221; column_spacing=&#8221;50&#8243; el_class=&#8221;swap-on-mobile&#8221;][vc_column width=&#8221;1\/2&#8243;][vc_column_text css=&#8221;&#8221; el_class=&#8221;removepad&#8221;]Die LPR Group ist auf zeitkritische Logistik und technische Services spezialisiert. Wir unterst\u00fctzen Hersteller, Betreiber und Serviceorganisationen dabei, komplexe Logistik-, After-Sales- und Serviceprozesse strukturiert und zuverl\u00e4ssig zu steuern \u2013 von der Ersatzteillogistik bis zur technischen Umsetzung vor Ort. Dabei geht es nicht nur um Geschwindigkeit, sondern um funktionierende Abl\u00e4ufe&hellip;<\/p>\n","protected":false},"author":1,"featured_media":0,"parent":0,"menu_order":0,"comment_status":"closed","ping_status":"closed","template":"","meta":{"inline_featured_image":false,"footnotes":""},"class_list":["post-266","page","type-page","status-publish","hentry","entry","has-media"],"_links":{"self":[{"href":"https:\/\/lpr.de\/de\/wp-json\/wp\/v2\/pages\/266","targetHints":{"allow":["GET"]}}],"collection":[{"href":"https:\/\/lpr.de\/de\/wp-json\/wp\/v2\/pages"}],"about":[{"href":"https:\/\/lpr.de\/de\/wp-json\/wp\/v2\/types\/page"}],"author":[{"embeddable":true,"href":"https:\/\/lpr.de\/de\/wp-json\/wp\/v2\/users\/1"}],"replies":[{"embeddable":true,"href":"https:\/\/lpr.de\/de\/wp-json\/wp\/v2\/comments?post=266"}],"version-history":[{"count":14,"href":"https:\/\/lpr.de\/de\/wp-json\/wp\/v2\/pages\/266\/revisions"}],"predecessor-version":[{"id":817,"href":"https:\/\/lpr.de\/de\/wp-json\/wp\/v2\/pages\/266\/revisions\/817"}],"wp:attachment":[{"href":"https:\/\/lpr.de\/de\/wp-json\/wp\/v2\/media?parent=266"}],"curies":[{"name":"wp","href":"https:\/\/api.w.org\/{rel}","templated":true}]}}